{"id":739,"date":"2023-10-22T19:14:39","date_gmt":"2023-10-22T17:14:39","guid":{"rendered":"https:\/\/lafilosofiavive.elteatrovive.com\/?page_id=739"},"modified":"2025-10-25T02:16:15","modified_gmt":"2025-10-25T00:16:15","slug":"proyecto-de-lecto-escritura-filosofica","status":"publish","type":"page","link":"https:\/\/lafilosofiavive.elteatrovive.com\/index.php\/proyecto-de-lecto-escritura-filosofica\/","title":{"rendered":"Proyecto de lecto escritura filos\u00f3fica"},"content":{"rendered":"\t\t<div data-elementor-type=\"wp-page\" data-elementor-id=\"739\" class=\"elementor elementor-739\">\n\t\t\t\t<div class=\"elementor-element elementor-element-c0717f7 e-flex e-con-boxed e-con e-parent\" data-id=\"c0717f7\" data-element_type=\"container\" data-settings=\"{&quot;shape_divider_top&quot;:&quot;opacity-tilt&quot;}\">\n\t\t\t\t\t<div class=\"e-con-inner\">\n\t\t\t\t<div class=\"elementor-shape elementor-shape-top\" aria-hidden=\"true\" data-negative=\"false\">\n\t\t\t<svg xmlns=\"http:\/\/www.w3.org\/2000\/svg\" viewBox=\"0 0 2600 131.1\" preserveAspectRatio=\"none\">\n\t<path class=\"elementor-shape-fill\" d=\"M0 0L2600 0 2600 69.1 0 0z\"\/>\n\t<path class=\"elementor-shape-fill\" style=\"opacity:0.5\" d=\"M0 0L2600 0 2600 69.1 0 69.1z\"\/>\n\t<path class=\"elementor-shape-fill\" style=\"opacity:0.25\" d=\"M2600 0L0 0 0 130.1 2600 69.1z\"\/>\n<\/svg>\t\t<\/div>\n\t\t\t\t<div class=\"elementor-element elementor-element-abf524c elementor-widget elementor-widget-heading\" data-id=\"abf524c\" data-element_type=\"widget\" data-widget_type=\"heading.default\">\n\t\t\t\t<div class=\"elementor-widget-container\">\n\t\t\t\t\t<h1 class=\"elementor-heading-title elementor-size-default\">Proyecto Filosof\u00eda al Patio<\/h1>\t\t\t\t<\/div>\n\t\t\t\t<\/div>\n\t\t\t\t<div class=\"elementor-element elementor-element-04f85c5 elementor-widget elementor-widget-eael-sticky-video\" data-id=\"04f85c5\" data-element_type=\"widget\" data-widget_type=\"eael-sticky-video.default\">\n\t\t\t\t<div class=\"elementor-widget-container\">\n\t\t\t\t\t<div class=\"eael-sticky-video-wrapper eaelsv-overlay-visibility-\"><div class=\"eael-sticky-video-player2\" data-sticky=\"yes\" data-position=\"bottom-right\" data-sheight=\"169\" data-swidth=\"300\" data-scroll_height=\"70\" data-autoplay=\"no\" data-overlay=\"no\"><div\n\t\t\tid=\"eaelsv-player-04f85c5\"\n\t\t\tdata-plyr-provider=\"youtube\"\n\t\t\tdata-plyr-embed-id=\"hODh4_y9bGk\"\n\t\t\tdata-plyr-config=\"{&quot;storage&quot;: {&quot;enabled&quot;: false, &quot;key&quot;: &quot;plyr&quot;}, &quot;autoplay&quot;:0, &quot;muted&quot;:0, &quot;loop&quot;: {&quot;active&quot;: false}}\"\n\t\t><\/div>\n\t\t\t\t<span class=\"eaelsv-sticky-player-close\"><i class=\"fas fa-times-circle\"><\/i><\/span>\n\t\t\t<\/div>\n\t\t<\/div>\t\t\t\t<\/div>\n\t\t\t\t<\/div>\n\t\t\t\t\t<\/div>\n\t\t\t\t<\/div>\n\t\t<div class=\"elementor-element elementor-element-01f6734 e-flex e-con-boxed e-con e-parent\" data-id=\"01f6734\" data-element_type=\"container\">\n\t\t\t\t\t<div class=\"e-con-inner\">\n\t\t<div class=\"elementor-element elementor-element-9ed503e e-flex e-con-boxed e-con e-child\" data-id=\"9ed503e\" data-element_type=\"container\">\n\t\t\t\t\t<div class=\"e-con-inner\">\n\t\t\t\t<div class=\"elementor-element elementor-element-05b5934 elementor-widget__width-inherit elementor-widget elementor-widget-heading\" data-id=\"05b5934\" data-element_type=\"widget\" data-widget_type=\"heading.default\">\n\t\t\t\t<div class=\"elementor-widget-container\">\n\t\t\t\t\t<h2 class=\"elementor-heading-title elementor-size-default\">GRADOS  10\u00b0<\/h2>\t\t\t\t<\/div>\n\t\t\t\t<\/div>\n\t\t\t\t<div class=\"elementor-element elementor-element-2fd8940 elementor-widget elementor-widget-text-editor\" data-id=\"2fd8940\" data-element_type=\"widget\" data-widget_type=\"text-editor.default\">\n\t\t\t\t<div class=\"elementor-widget-container\">\n\t\t\t\t\t\t\t\t\t<p>El proyecto <strong>la<\/strong> <strong>Filosof\u00eda al Patio<\/strong> nace como una nueva did\u00e1ctica que lleva la reflexi\u00f3n filos\u00f3fica m\u00e1s all\u00e1 del aula. Bajo la sombra del <em>\u00c1rbol de la Filosof\u00eda<\/em> y en el patio de la instituci\u00f3n C\u00e1rdenas Mirri\u00f1ao, los estudiantes de grado 10\u00b0 se acercan a los textos filos\u00f3ficos desde la comprensi\u00f3n literal hasta la producci\u00f3n de ensayos cr\u00edticos y creativos.<\/p><p>La metodolog\u00eda se desarrolla en cuatro fases progresivas \u2014comprender, interpretar, analizar y crear\u2014 que se concretan en actividades vivas y participativas: socializaci\u00f3n abierta de ideas, debates y argumentaci\u00f3n, caminatas de di\u00e1logo socr\u00e1tico, creaci\u00f3n de puestas en escena a partir de conceptos y teor\u00edas filos\u00f3ficas, adem\u00e1s de espacios de escritura y reflexi\u00f3n compartida. De este modo, se fomenta un pensamiento filos\u00f3fico vivo, en contacto con la naturaleza y con la realidad cotidiana de los j\u00f3venes..<\/p>\t\t\t\t\t\t\t\t<\/div>\n\t\t\t\t<\/div>\n\t\t\t\t<div class=\"elementor-element elementor-element-002a2fd elementor-widget elementor-widget-heading\" data-id=\"002a2fd\" data-element_type=\"widget\" data-widget_type=\"heading.default\">\n\t\t\t\t<div class=\"elementor-widget-container\">\n\t\t\t\t\t<h3 class=\"elementor-heading-title elementor-size-default\">Sentido del proyecto:<\/h3>\t\t\t\t<\/div>\n\t\t\t\t<\/div>\n\t\t\t\t<div class=\"elementor-element elementor-element-e006a8a elementor-widget elementor-widget-text-editor\" data-id=\"e006a8a\" data-element_type=\"widget\" data-widget_type=\"text-editor.default\">\n\t\t\t\t<div class=\"elementor-widget-container\">\n\t\t\t\t\t\t\t\t\t<ul><li>M\u00e1s que un ejercicio acad\u00e9mico, <em>Filosof\u00eda en el Patio<\/em> es un espacio de encuentro y palabra compartida, donde la filosof\u00eda se convierte en experiencia de vida, sembrando en los estudiantes la capacidad de pensar cr\u00edticamente, dialogar con respeto y expresar sus reflexiones de manera escrita y oral.<\/li><\/ul>\t\t\t\t\t\t\t\t<\/div>\n\t\t\t\t<\/div>\n\t\t\t\t\t<\/div>\n\t\t\t\t<\/div>\n\t\t<div class=\"elementor-element elementor-element-94cf0d8 e-flex e-con-boxed e-con e-child\" data-id=\"94cf0d8\" data-element_type=\"container\">\n\t\t\t\t\t<div class=\"e-con-inner\">\n\t\t\t\t<div class=\"elementor-element elementor-element-218c370 elementor-widget elementor-widget-image\" data-id=\"218c370\" data-element_type=\"widget\" data-widget_type=\"image.default\">\n\t\t\t\t<div class=\"elementor-widget-container\">\n\t\t\t\t\t\t\t\t\t\t\t\t\t\t\t<img fetchpriority=\"high\" decoding=\"async\" width=\"1024\" height=\"657\" src=\"https:\/\/lafilosofiavive.elteatrovive.com\/wp-content\/uploads\/2025\/10\/WhatsApp-Image-2025-10-09-at-07.51.05-1024x657.jpeg\" class=\"attachment-large size-large wp-image-1138\" alt=\"\" srcset=\"https:\/\/lafilosofiavive.elteatrovive.com\/wp-content\/uploads\/2025\/10\/WhatsApp-Image-2025-10-09-at-07.51.05-1024x657.jpeg 1024w, https:\/\/lafilosofiavive.elteatrovive.com\/wp-content\/uploads\/2025\/10\/WhatsApp-Image-2025-10-09-at-07.51.05-300x193.jpeg 300w, https:\/\/lafilosofiavive.elteatrovive.com\/wp-content\/uploads\/2025\/10\/WhatsApp-Image-2025-10-09-at-07.51.05-768x493.jpeg 768w, https:\/\/lafilosofiavive.elteatrovive.com\/wp-content\/uploads\/2025\/10\/WhatsApp-Image-2025-10-09-at-07.51.05-1536x986.jpeg 1536w, https:\/\/lafilosofiavive.elteatrovive.com\/wp-content\/uploads\/2025\/10\/WhatsApp-Image-2025-10-09-at-07.51.05.jpeg 1600w\" sizes=\"(max-width: 1024px) 100vw, 1024px\" \/>\t\t\t\t\t\t\t\t\t\t\t\t\t\t\t<\/div>\n\t\t\t\t<\/div>\n\t\t\t\t<div class=\"elementor-element elementor-element-cd45804 elementor-widget elementor-widget-image\" data-id=\"cd45804\" data-element_type=\"widget\" data-widget_type=\"image.default\">\n\t\t\t\t<div class=\"elementor-widget-container\">\n\t\t\t\t\t\t\t\t\t\t\t\t\t\t\t<img decoding=\"async\" width=\"1024\" height=\"686\" src=\"https:\/\/lafilosofiavive.elteatrovive.com\/wp-content\/uploads\/2025\/10\/WhatsApp-Image-2025-10-09-at-07.51.06-1024x686.jpeg\" class=\"attachment-large size-large wp-image-1137\" alt=\"\" srcset=\"https:\/\/lafilosofiavive.elteatrovive.com\/wp-content\/uploads\/2025\/10\/WhatsApp-Image-2025-10-09-at-07.51.06-1024x686.jpeg 1024w, https:\/\/lafilosofiavive.elteatrovive.com\/wp-content\/uploads\/2025\/10\/WhatsApp-Image-2025-10-09-at-07.51.06-300x201.jpeg 300w, https:\/\/lafilosofiavive.elteatrovive.com\/wp-content\/uploads\/2025\/10\/WhatsApp-Image-2025-10-09-at-07.51.06-768x515.jpeg 768w, https:\/\/lafilosofiavive.elteatrovive.com\/wp-content\/uploads\/2025\/10\/WhatsApp-Image-2025-10-09-at-07.51.06-1536x1029.jpeg 1536w, https:\/\/lafilosofiavive.elteatrovive.com\/wp-content\/uploads\/2025\/10\/WhatsApp-Image-2025-10-09-at-07.51.06.jpeg 1600w\" sizes=\"(max-width: 1024px) 100vw, 1024px\" \/>\t\t\t\t\t\t\t\t\t\t\t\t\t\t\t<\/div>\n\t\t\t\t<\/div>\n\t\t\t\t\t<\/div>\n\t\t\t\t<\/div>\n\t\t\t\t\t<\/div>\n\t\t\t\t<\/div>\n\t\t<div class=\"elementor-element elementor-element-4f32885 e-flex e-con-boxed e-con e-parent\" data-id=\"4f32885\" data-element_type=\"container\">\n\t\t\t\t\t<div class=\"e-con-inner\">\n\t\t\t\t<div class=\"elementor-element elementor-element-724ad1a elementor-widget elementor-widget-heading\" data-id=\"724ad1a\" data-element_type=\"widget\" data-widget_type=\"heading.default\">\n\t\t\t\t<div class=\"elementor-widget-container\">\n\t\t\t\t\t<h1 class=\"elementor-heading-title elementor-size-default\">VIDEOS DEL PROYECTO<\/h1>\t\t\t\t<\/div>\n\t\t\t\t<\/div>\n\t\t<div class=\"elementor-element elementor-element-7f5c1bc e-con-full e-flex e-con e-child\" data-id=\"7f5c1bc\" data-element_type=\"container\">\n\t\t\t\t<div class=\"elementor-element elementor-element-d7bd5c7 elementor-widget elementor-widget-video\" data-id=\"d7bd5c7\" data-element_type=\"widget\" data-settings=\"{&quot;youtube_url&quot;:&quot;https:\\\/\\\/www.youtube.com\\\/watch?v=td2wkHh-iGA&quot;,&quot;video_type&quot;:&quot;youtube&quot;,&quot;controls&quot;:&quot;yes&quot;}\" data-widget_type=\"video.default\">\n\t\t\t\t<div class=\"elementor-widget-container\">\n\t\t\t\t\t\t\t<div class=\"elementor-wrapper elementor-open-inline\">\n\t\t\t<div class=\"elementor-video\"><\/div>\t\t<\/div>\n\t\t\t\t\t\t<\/div>\n\t\t\t\t<\/div>\n\t\t\t\t<div class=\"elementor-element elementor-element-80eabb5 elementor-widget elementor-widget-video\" data-id=\"80eabb5\" data-element_type=\"widget\" data-settings=\"{&quot;youtube_url&quot;:&quot;https:\\\/\\\/www.youtube.com\\\/watch?v=tCMXag7fwXs&quot;,&quot;video_type&quot;:&quot;youtube&quot;,&quot;controls&quot;:&quot;yes&quot;}\" data-widget_type=\"video.default\">\n\t\t\t\t<div class=\"elementor-widget-container\">\n\t\t\t\t\t\t\t<div class=\"elementor-wrapper elementor-open-inline\">\n\t\t\t<div class=\"elementor-video\"><\/div>\t\t<\/div>\n\t\t\t\t\t\t<\/div>\n\t\t\t\t<\/div>\n\t\t\t\t<\/div>\n\t\t\t\t\t<\/div>\n\t\t\t\t<\/div>\n\t\t<div class=\"elementor-element elementor-element-0524ec2 e-flex e-con-boxed e-con e-parent\" data-id=\"0524ec2\" data-element_type=\"container\">\n\t\t\t\t\t<div class=\"e-con-inner\">\n\t\t<div class=\"elementor-element elementor-element-5eac277 e-flex e-con-boxed e-con e-child\" data-id=\"5eac277\" data-element_type=\"container\">\n\t\t\t\t\t<div class=\"e-con-inner\">\n\t\t\t\t<div class=\"elementor-element elementor-element-0fb42aa elementor-widget__width-inherit elementor-widget elementor-widget-heading\" data-id=\"0fb42aa\" data-element_type=\"widget\" data-widget_type=\"heading.default\">\n\t\t\t\t<div class=\"elementor-widget-container\">\n\t\t\t\t\t<h2 class=\"elementor-heading-title elementor-size-default\">Justificaci\u00f3n<\/h2>\t\t\t\t<\/div>\n\t\t\t\t<\/div>\n\t\t\t\t<div class=\"elementor-element elementor-element-5035600 elementor-widget elementor-widget-text-editor\" data-id=\"5035600\" data-element_type=\"widget\" data-widget_type=\"text-editor.default\">\n\t\t\t\t<div class=\"elementor-widget-container\">\n\t\t\t\t\t\t\t\t\t<p>Este proyecto busca fortalecer la lectura filos\u00f3fica en distintos niveles, desde la comprensi\u00f3n literal hasta la producci\u00f3n de textos reflexivos y ensayos filos\u00f3ficos. Al llevar la lectura al patio de la instituci\u00f3n, se fomenta un ambiente de di\u00e1logo abierto y pensamiento cr\u00edtico.<\/p>\t\t\t\t\t\t\t\t<\/div>\n\t\t\t\t<\/div>\n\t\t\t\t<div class=\"elementor-element elementor-element-5d1a608 elementor-widget__width-inherit elementor-widget elementor-widget-heading\" data-id=\"5d1a608\" data-element_type=\"widget\" data-widget_type=\"heading.default\">\n\t\t\t\t<div class=\"elementor-widget-container\">\n\t\t\t\t\t<h2 class=\"elementor-heading-title elementor-size-default\"> Objetivos<\/h2>\t\t\t\t<\/div>\n\t\t\t\t<\/div>\n\t\t\t\t<div class=\"elementor-element elementor-element-ac42549 elementor-widget elementor-widget-text-editor\" data-id=\"ac42549\" data-element_type=\"widget\" data-widget_type=\"text-editor.default\">\n\t\t\t\t<div class=\"elementor-widget-container\">\n\t\t\t\t\t\t\t\t\t<p>Desarrollar habilidades de lectura filos\u00f3fica en sus distintos niveles (literal, inferencial, cr\u00edtica y creativa) mediante la exploraci\u00f3n de textos desde la filosof\u00eda presocr\u00e1tica hasta la medieval, promoviendo la reflexi\u00f3n y el debate en un entorno natural.<\/p>\t\t\t\t\t\t\t\t<\/div>\n\t\t\t\t<\/div>\n\t\t\t\t<div class=\"elementor-element elementor-element-8829dfa elementor-widget elementor-widget-heading\" data-id=\"8829dfa\" data-element_type=\"widget\" data-widget_type=\"heading.default\">\n\t\t\t\t<div class=\"elementor-widget-container\">\n\t\t\t\t\t<h3 class=\"elementor-heading-title elementor-size-default\">Objetivos espec\u00edficos:<\/h3>\t\t\t\t<\/div>\n\t\t\t\t<\/div>\n\t\t\t\t<div class=\"elementor-element elementor-element-0a76f7a elementor-widget elementor-widget-text-editor\" data-id=\"0a76f7a\" data-element_type=\"widget\" data-widget_type=\"text-editor.default\">\n\t\t\t\t<div class=\"elementor-widget-container\">\n\t\t\t\t\t\t\t\t\t<ol><li>Comprender textos filos\u00f3ficos en sus distintos niveles de lectura.<\/li><li>Analizar e interpretar las ideas filos\u00f3ficas y su impacto en la realidad.<\/li><li>Relacionar los conceptos filos\u00f3ficos con situaciones contempor\u00e1neas y experiencias personales.<\/li><li>Escribir reflexiones y ensayos filos\u00f3ficos como resultado del proceso de lectura y an\u00e1lisis.<\/li><li>Socializar reflexiones filos\u00f3ficas en el \u00c1rbol de la Filosof\u00eda.<\/li><\/ol>\t\t\t\t\t\t\t\t<\/div>\n\t\t\t\t<\/div>\n\t\t\t\t\t<\/div>\n\t\t\t\t<\/div>\n\t\t<div class=\"elementor-element elementor-element-c4fea08 e-flex e-con-boxed e-con e-child\" data-id=\"c4fea08\" data-element_type=\"container\">\n\t\t\t\t\t<div class=\"e-con-inner\">\n\t\t\t\t<div class=\"elementor-element elementor-element-b9265ee elementor-widget elementor-widget-image\" data-id=\"b9265ee\" data-element_type=\"widget\" data-widget_type=\"image.default\">\n\t\t\t\t<div class=\"elementor-widget-container\">\n\t\t\t\t\t\t\t\t\t\t\t\t\t\t\t<img decoding=\"async\" width=\"1024\" height=\"799\" src=\"https:\/\/lafilosofiavive.elteatrovive.com\/wp-content\/uploads\/2025\/10\/WhatsApp-Image-2025-10-09-at-07.51.05-1-1024x799.jpeg\" class=\"attachment-large size-large wp-image-1139\" alt=\"\" srcset=\"https:\/\/lafilosofiavive.elteatrovive.com\/wp-content\/uploads\/2025\/10\/WhatsApp-Image-2025-10-09-at-07.51.05-1-1024x799.jpeg 1024w, https:\/\/lafilosofiavive.elteatrovive.com\/wp-content\/uploads\/2025\/10\/WhatsApp-Image-2025-10-09-at-07.51.05-1-300x234.jpeg 300w, https:\/\/lafilosofiavive.elteatrovive.com\/wp-content\/uploads\/2025\/10\/WhatsApp-Image-2025-10-09-at-07.51.05-1-768x599.jpeg 768w, https:\/\/lafilosofiavive.elteatrovive.com\/wp-content\/uploads\/2025\/10\/WhatsApp-Image-2025-10-09-at-07.51.05-1-1536x1198.jpeg 1536w, https:\/\/lafilosofiavive.elteatrovive.com\/wp-content\/uploads\/2025\/10\/WhatsApp-Image-2025-10-09-at-07.51.05-1.jpeg 1600w\" sizes=\"(max-width: 1024px) 100vw, 1024px\" \/>\t\t\t\t\t\t\t\t\t\t\t\t\t\t\t<\/div>\n\t\t\t\t<\/div>\n\t\t\t\t<div class=\"elementor-element elementor-element-49e6c46 elementor-widget elementor-widget-image\" data-id=\"49e6c46\" data-element_type=\"widget\" data-widget_type=\"image.default\">\n\t\t\t\t<div class=\"elementor-widget-container\">\n\t\t\t\t\t\t\t\t\t\t\t\t\t\t\t<img loading=\"lazy\" decoding=\"async\" width=\"1024\" height=\"794\" src=\"https:\/\/lafilosofiavive.elteatrovive.com\/wp-content\/uploads\/2025\/10\/WhatsApp-Image-2025-10-09-at-07.51.06-1-1024x794.jpeg\" class=\"attachment-large size-large wp-image-1140\" alt=\"\" srcset=\"https:\/\/lafilosofiavive.elteatrovive.com\/wp-content\/uploads\/2025\/10\/WhatsApp-Image-2025-10-09-at-07.51.06-1-1024x794.jpeg 1024w, https:\/\/lafilosofiavive.elteatrovive.com\/wp-content\/uploads\/2025\/10\/WhatsApp-Image-2025-10-09-at-07.51.06-1-300x233.jpeg 300w, https:\/\/lafilosofiavive.elteatrovive.com\/wp-content\/uploads\/2025\/10\/WhatsApp-Image-2025-10-09-at-07.51.06-1-768x595.jpeg 768w, https:\/\/lafilosofiavive.elteatrovive.com\/wp-content\/uploads\/2025\/10\/WhatsApp-Image-2025-10-09-at-07.51.06-1-1536x1190.jpeg 1536w, https:\/\/lafilosofiavive.elteatrovive.com\/wp-content\/uploads\/2025\/10\/WhatsApp-Image-2025-10-09-at-07.51.06-1.jpeg 1600w\" sizes=\"(max-width: 1024px) 100vw, 1024px\" \/>\t\t\t\t\t\t\t\t\t\t\t\t\t\t\t<\/div>\n\t\t\t\t<\/div>\n\t\t\t\t\t<\/div>\n\t\t\t\t<\/div>\n\t\t\t\t\t<\/div>\n\t\t\t\t<\/div>\n\t\t<div class=\"elementor-element elementor-element-dd6b3bf e-flex e-con-boxed e-con e-parent\" data-id=\"dd6b3bf\" data-element_type=\"container\">\n\t\t\t\t\t<div class=\"e-con-inner\">\n\t\t<div class=\"elementor-element elementor-element-c71fa65 e-flex e-con-boxed e-con e-child\" data-id=\"c71fa65\" data-element_type=\"container\">\n\t\t\t\t\t<div class=\"e-con-inner\">\n\t\t\t\t<div class=\"elementor-element elementor-element-89cc2b2 elementor-widget__width-inherit elementor-widget elementor-widget-heading\" data-id=\"89cc2b2\" data-element_type=\"widget\" data-widget_type=\"heading.default\">\n\t\t\t\t<div class=\"elementor-widget-container\">\n\t\t\t\t\t<h2 class=\"elementor-heading-title elementor-size-default\">Desarrollo del Proyecto<\/h2>\t\t\t\t<\/div>\n\t\t\t\t<\/div>\n\t\t\t\t<div class=\"elementor-element elementor-element-b4eadbb elementor-widget__width-inherit elementor-widget elementor-widget-image\" data-id=\"b4eadbb\" data-element_type=\"widget\" data-widget_type=\"image.default\">\n\t\t\t\t<div class=\"elementor-widget-container\">\n\t\t\t\t\t\t\t\t\t\t\t\t\t\t\t<img loading=\"lazy\" decoding=\"async\" width=\"1024\" height=\"563\" src=\"https:\/\/lafilosofiavive.elteatrovive.com\/wp-content\/uploads\/2025\/10\/WhatsApp-Image-2025-10-09-at-07.51.05-2-e1760310299451-1024x563.jpg\" class=\"attachment-large size-large wp-image-1136\" alt=\"\" srcset=\"https:\/\/lafilosofiavive.elteatrovive.com\/wp-content\/uploads\/2025\/10\/WhatsApp-Image-2025-10-09-at-07.51.05-2-e1760310299451-1024x563.jpg 1024w, https:\/\/lafilosofiavive.elteatrovive.com\/wp-content\/uploads\/2025\/10\/WhatsApp-Image-2025-10-09-at-07.51.05-2-e1760310299451-300x165.jpg 300w, https:\/\/lafilosofiavive.elteatrovive.com\/wp-content\/uploads\/2025\/10\/WhatsApp-Image-2025-10-09-at-07.51.05-2-e1760310299451-768x422.jpg 768w, https:\/\/lafilosofiavive.elteatrovive.com\/wp-content\/uploads\/2025\/10\/WhatsApp-Image-2025-10-09-at-07.51.05-2-e1760310299451-1536x845.jpg 1536w, https:\/\/lafilosofiavive.elteatrovive.com\/wp-content\/uploads\/2025\/10\/WhatsApp-Image-2025-10-09-at-07.51.05-2-e1760310299451.jpg 1600w\" sizes=\"(max-width: 1024px) 100vw, 1024px\" \/>\t\t\t\t\t\t\t\t\t\t\t\t\t\t\t<\/div>\n\t\t\t\t<\/div>\n\t\t\t\t\t<\/div>\n\t\t\t\t<\/div>\n\t\t\t\t\t<\/div>\n\t\t\t\t<\/div>\n\t\t<div class=\"elementor-element elementor-element-745246a e-flex e-con-boxed e-con e-parent\" data-id=\"745246a\" data-element_type=\"container\">\n\t\t\t\t\t<div class=\"e-con-inner\">\n\t\t<div class=\"elementor-element elementor-element-144308f e-con-full e-flex e-con e-child\" data-id=\"144308f\" data-element_type=\"container\">\n\t\t\t\t<div class=\"elementor-element elementor-element-5eded87 elementor-widget__width-inherit elementor-widget elementor-widget-heading\" data-id=\"5eded87\" data-element_type=\"widget\" data-widget_type=\"heading.default\">\n\t\t\t\t<div class=\"elementor-widget-container\">\n\t\t\t\t\t<h2 class=\"elementor-heading-title elementor-size-default\">Plan de Trabajo por Per\u00edodos Acad\u00e9micos<\/h2>\t\t\t\t<\/div>\n\t\t\t\t<\/div>\n\t\t\t\t<div class=\"elementor-element elementor-element-00e0506 elementor-widget elementor-widget-heading\" data-id=\"00e0506\" data-element_type=\"widget\" data-widget_type=\"heading.default\">\n\t\t\t\t<div class=\"elementor-widget-container\">\n\t\t\t\t\t<h3 class=\"elementor-heading-title elementor-size-default\">Primer per\u00edodo\t<\/h3>\t\t\t\t<\/div>\n\t\t\t\t<\/div>\n\t\t\t\t<div class=\"elementor-element elementor-element-edc2cd0 elementor-widget elementor-widget-text-editor\" data-id=\"edc2cd0\" data-element_type=\"widget\" data-widget_type=\"text-editor.default\">\n\t\t\t\t<div class=\"elementor-widget-container\">\n\t\t\t\t\t\t\t\t\t<p>Filosof\u00eda presocr\u00e1tica\u00a0\u00a0\u00a0\u00a0 <strong>Fase 1 y 2<\/strong> (lectura literal e inferencial)\u00a0 Reflexiones breves sobre Her\u00e1clito, Parm\u00e9nides, Pit\u00e1goras. etc<\/p>\t\t\t\t\t\t\t\t<\/div>\n\t\t\t\t<\/div>\n\t\t\t\t<div class=\"elementor-element elementor-element-a93bf47 elementor-widget elementor-widget-heading\" data-id=\"a93bf47\" data-element_type=\"widget\" data-widget_type=\"heading.default\">\n\t\t\t\t<div class=\"elementor-widget-container\">\n\t\t\t\t\t<h3 class=\"elementor-heading-title elementor-size-default\">Segundo per\u00edodo\t<\/h3>\t\t\t\t<\/div>\n\t\t\t\t<\/div>\n\t\t\t\t<div class=\"elementor-element elementor-element-c8117fe elementor-widget elementor-widget-text-editor\" data-id=\"c8117fe\" data-element_type=\"widget\" data-widget_type=\"text-editor.default\">\n\t\t\t\t<div class=\"elementor-widget-container\">\n\t\t\t\t\t\t\t\t\t<p>Filosof\u00eda cl\u00e1sica (S\u00f3crates): m\u00e9todo socr\u00e1tico <strong>Fase 3<\/strong> (lectura cr\u00edtica)\u00a0\u00a0\u00a0 reflexiones cortas sobre el pensamiento socr\u00e1tico.<\/p>\t\t\t\t\t\t\t\t<\/div>\n\t\t\t\t<\/div>\n\t\t\t\t<div class=\"elementor-element elementor-element-ccef9f8 elementor-widget elementor-widget-heading\" data-id=\"ccef9f8\" data-element_type=\"widget\" data-widget_type=\"heading.default\">\n\t\t\t\t<div class=\"elementor-widget-container\">\n\t\t\t\t\t<h3 class=\"elementor-heading-title elementor-size-default\">Tercer per\u00edodo\t<\/h3>\t\t\t\t<\/div>\n\t\t\t\t<\/div>\n\t\t\t\t<div class=\"elementor-element elementor-element-adff295 elementor-widget elementor-widget-text-editor\" data-id=\"adff295\" data-element_type=\"widget\" data-widget_type=\"text-editor.default\">\n\t\t\t\t<div class=\"elementor-widget-container\">\n\t\t\t\t\t\t\t\t\t<p>Filosof\u00eda de la religi\u00f3n (teor\u00edas acerca del origen de la religi\u00f3n. <strong>Fase 4<\/strong> (lectura creativa y escritura) Filosof\u00eda medieval teor\u00edas acerca del origen de la religi\u00f3n, San Agust\u00edn y Santo Tom\u00e1s. Ensayo final sobre la relaci\u00f3n entre la fe y la raz\u00f3n.<\/p>\t\t\t\t\t\t\t\t<\/div>\n\t\t\t\t<\/div>\n\t\t\t\t<div class=\"elementor-element elementor-element-37cb34c elementor-widget__width-inherit elementor-widget elementor-widget-heading\" data-id=\"37cb34c\" data-element_type=\"widget\" data-widget_type=\"heading.default\">\n\t\t\t\t<div class=\"elementor-widget-container\">\n\t\t\t\t\t<h2 class=\"elementor-heading-title elementor-size-default\">Evaluaci\u00f3n<\/h2>\t\t\t\t<\/div>\n\t\t\t\t<\/div>\n\t\t\t\t<div class=\"elementor-element elementor-element-bbeda94 elementor-widget elementor-widget-text-editor\" data-id=\"bbeda94\" data-element_type=\"widget\" data-widget_type=\"text-editor.default\">\n\t\t\t\t<div class=\"elementor-widget-container\">\n\t\t\t\t\t\t\t\t\t<p>Se realizar\u00e1 una evaluaci\u00f3n formativa basada en la participaci\u00f3n, an\u00e1lisis y producci\u00f3n escrita.<\/p><ul><li>Participaci\u00f3n en di\u00e1logos filos\u00f3ficos<\/li><li>An\u00e1lisis y argumentaci\u00f3n escrita<\/li><li>Creatividad y coherencia en reflexiones<\/li><li>Socializaci\u00f3n en el \u00c1rbol de la Filosof\u00eda<\/li><\/ul>\t\t\t\t\t\t\t\t<\/div>\n\t\t\t\t<\/div>\n\t\t\t\t<div class=\"elementor-element elementor-element-ec4ddde elementor-widget__width-inherit elementor-widget elementor-widget-heading\" data-id=\"ec4ddde\" data-element_type=\"widget\" data-widget_type=\"heading.default\">\n\t\t\t\t<div class=\"elementor-widget-container\">\n\t\t\t\t\t<h2 class=\"elementor-heading-title elementor-size-default\"> Resultados Esperados<\/h2>\t\t\t\t<\/div>\n\t\t\t\t<\/div>\n\t\t\t\t<div class=\"elementor-element elementor-element-2e92f0b elementor-widget elementor-widget-text-editor\" data-id=\"2e92f0b\" data-element_type=\"widget\" data-widget_type=\"text-editor.default\">\n\t\t\t\t<div class=\"elementor-widget-container\">\n\t\t\t\t\t\t\t\t\t<ul><li>Desarrollo de habilidades de lectura filos\u00f3fica en distintos niveles.<\/li><li>Mejora en la argumentaci\u00f3n y expresi\u00f3n escrita.<\/li><li>Fomento del di\u00e1logo y la reflexi\u00f3n filos\u00f3fica en un entorno abierto.<\/li><li>Producci\u00f3n de reflexi\u00f3n y\/o ensayos filos\u00f3ficos con pensamiento cr\u00edtico.<\/li><\/ul>\t\t\t\t\t\t\t\t<\/div>\n\t\t\t\t<\/div>\n\t\t\t\t<\/div>\n\t\t<div class=\"elementor-element elementor-element-7f5bb58 e-con-full e-flex e-con e-child\" data-id=\"7f5bb58\" data-element_type=\"container\">\n\t\t\t\t<div class=\"elementor-element elementor-element-91c4ebb elementor-widget__width-inherit elementor-widget elementor-widget-heading\" data-id=\"91c4ebb\" data-element_type=\"widget\" data-widget_type=\"heading.default\">\n\t\t\t\t<div class=\"elementor-widget-container\">\n\t\t\t\t\t<h2 class=\"elementor-heading-title elementor-size-default\">Metodolog\u00eda<\/h2>\t\t\t\t<\/div>\n\t\t\t\t<\/div>\n\t\t\t\t<div class=\"elementor-element elementor-element-953c3da elementor-widget elementor-widget-text-editor\" data-id=\"953c3da\" data-element_type=\"widget\" data-widget_type=\"text-editor.default\">\n\t\t\t\t<div class=\"elementor-widget-container\">\n\t\t\t\t\t\t\t\t\t<p>En nuestro proyecto se trabaja a trav\u00e9s de un proceso gradual de lectura y escritura filos\u00f3fica, dividiendo el proyecto en cuatro fases progresivas que permitan desarrollar habilidades de comprensi\u00f3n, an\u00e1lisis y argumentaci\u00f3n.<\/p>\t\t\t\t\t\t\t\t<\/div>\n\t\t\t\t<\/div>\n\t\t\t\t<div class=\"elementor-element elementor-element-f051e84 elementor-widget__width-inherit elementor-widget elementor-widget-heading\" data-id=\"f051e84\" data-element_type=\"widget\" data-widget_type=\"heading.default\">\n\t\t\t\t<div class=\"elementor-widget-container\">\n\t\t\t\t\t<h2 class=\"elementor-heading-title elementor-size-default\">Fases del proyecto<\/h2>\t\t\t\t<\/div>\n\t\t\t\t<\/div>\n\t\t\t\t<div class=\"elementor-element elementor-element-41a8be4 elementor-widget elementor-widget-text-editor\" data-id=\"41a8be4\" data-element_type=\"widget\" data-widget_type=\"text-editor.default\">\n\t\t\t\t<div class=\"elementor-widget-container\">\n\t\t\t\t\t\t\t\t\t<p><strong><em>Fase 1<\/em><\/strong>: Lectura literal\u00a0\u00a0\u00a0\u00a0 Comprensi\u00f3n b\u00e1sica\u00a0\u00a0\u00a0\u00a0\u00a0\u00a0 Identificar ideas principales en fragmentos filos\u00f3ficos.\u00a0\u00a0 Lectura guiada en el patio, subrayado de ideas clave.<\/p><p><strong><em>Fase 2<\/em><\/strong>: Lectura inferencial Interpretaci\u00f3n\u00a0 Relacionar ideas filos\u00f3ficas con otras teor\u00edas y ejemplos cotidianos.\u00a0\u00a0\u00a0\u00a0\u00a0\u00a0\u00a0\u00a0\u00a0\u00a0\u00a0\u00a0\u00a0\u00a0\u00a0 Discusi\u00f3n en grupos sobre el significado de los textos.<\/p><p><strong><em>Fase 3<\/em><\/strong>: Lectura cr\u00edtica An\u00e1lisis y argumentaci\u00f3n Evaluar las ideas filos\u00f3ficas y compararlas con el contexto actual. Debate filos\u00f3fico sobre problemas contempor\u00e1neos.<\/p><p><strong><em>Fase 4:<\/em><\/strong> Lectura creativa y escritura producci\u00f3n de textos o frases filos\u00f3ficas expresar reflexiones personales y elaborar reflexiones filos\u00f3ficas.\u00a0 Escritura de reflexiones y ensayos, socializaci\u00f3n en el \u00c1rbol de la Filosof\u00eda.<\/p>\t\t\t\t\t\t\t\t<\/div>\n\t\t\t\t<\/div>\n\t\t\t\t<div class=\"elementor-element elementor-element-8bdde67 elementor-widget elementor-widget-heading\" data-id=\"8bdde67\" data-element_type=\"widget\" data-widget_type=\"heading.default\">\n\t\t\t\t<div class=\"elementor-widget-container\">\n\t\t\t\t\t<h3 class=\"elementor-heading-title elementor-size-default\">Recursos:<\/h3>\t\t\t\t<\/div>\n\t\t\t\t<\/div>\n\t\t\t\t<div class=\"elementor-element elementor-element-53e7793 elementor-widget elementor-widget-text-editor\" data-id=\"53e7793\" data-element_type=\"widget\" data-widget_type=\"text-editor.default\">\n\t\t\t\t<div class=\"elementor-widget-container\">\n\t\t\t\t\t\t\t\t\t<ul><li>Material bibliogr\u00e1fico: Fragmentos de textos filos\u00f3ficos. (classroom, libros pdf\u00a0 pagina filosof\u00eda vive<\/li><li>Espacios: Aula de clase, patio de la instituci\u00f3n, \u00c1rbol de la Filosof\u00eda.<\/li><li>Materiales did\u00e1cticos: Cuadernos, carteles, marcadores, lana, micro de lecturas filos\u00f3ficas, pel\u00edculas.<\/li><\/ul>\t\t\t\t\t\t\t\t<\/div>\n\t\t\t\t<\/div>\n\t\t\t\t<\/div>\n\t\t\t\t\t<\/div>\n\t\t\t\t<\/div>\n\t\t<div class=\"elementor-element elementor-element-ff168e8 e-flex e-con-boxed e-con e-parent\" data-id=\"ff168e8\" data-element_type=\"container\" data-settings=\"{&quot;shape_divider_top&quot;:&quot;opacity-tilt&quot;}\">\n\t\t\t\t\t<div class=\"e-con-inner\">\n\t\t\t\t<div class=\"elementor-shape elementor-shape-top\" aria-hidden=\"true\" data-negative=\"false\">\n\t\t\t<svg xmlns=\"http:\/\/www.w3.org\/2000\/svg\" viewBox=\"0 0 2600 131.1\" preserveAspectRatio=\"none\">\n\t<path class=\"elementor-shape-fill\" d=\"M0 0L2600 0 2600 69.1 0 0z\"\/>\n\t<path class=\"elementor-shape-fill\" style=\"opacity:0.5\" d=\"M0 0L2600 0 2600 69.1 0 69.1z\"\/>\n\t<path class=\"elementor-shape-fill\" style=\"opacity:0.25\" d=\"M2600 0L0 0 0 130.1 2600 69.1z\"\/>\n<\/svg>\t\t<\/div>\n\t\t\t\t<div class=\"elementor-element elementor-element-1fc2985 elementor-widget elementor-widget-menu-anchor\" data-id=\"1fc2985\" data-element_type=\"widget\" data-widget_type=\"menu-anchor.default\">\n\t\t\t\t<div class=\"elementor-widget-container\">\n\t\t\t\t\t\t\t<div class=\"elementor-menu-anchor\" id=\"lecto\"><\/div>\n\t\t\t\t\t\t<\/div>\n\t\t\t\t<\/div>\n\t\t\t\t<div class=\"elementor-element elementor-element-ee6a415 elementor-widget elementor-widget-heading\" data-id=\"ee6a415\" data-element_type=\"widget\" data-widget_type=\"heading.default\">\n\t\t\t\t<div class=\"elementor-widget-container\">\n\t\t\t\t\t<h1 class=\"elementor-heading-title elementor-size-default\">Proyecto lectoescritura filos\u00f3fica\n<\/h1>\t\t\t\t<\/div>\n\t\t\t\t<\/div>\n\t\t\t\t<div class=\"elementor-element elementor-element-6a5c6ef elementor-widget elementor-widget-image\" data-id=\"6a5c6ef\" data-element_type=\"widget\" data-widget_type=\"image.default\">\n\t\t\t\t<div class=\"elementor-widget-container\">\n\t\t\t\t\t\t\t\t\t\t\t\t\t\t\t<img loading=\"lazy\" decoding=\"async\" width=\"1024\" height=\"576\" src=\"https:\/\/lafilosofiavive.elteatrovive.com\/wp-content\/uploads\/2023\/10\/WhatsApp-Image-2023-10-21-at-10.38.16-PM-1024x576.jpeg\" class=\"attachment-large size-large wp-image-513\" alt=\"\" srcset=\"https:\/\/lafilosofiavive.elteatrovive.com\/wp-content\/uploads\/2023\/10\/WhatsApp-Image-2023-10-21-at-10.38.16-PM-1024x576.jpeg 1024w, https:\/\/lafilosofiavive.elteatrovive.com\/wp-content\/uploads\/2023\/10\/WhatsApp-Image-2023-10-21-at-10.38.16-PM-300x169.jpeg 300w, https:\/\/lafilosofiavive.elteatrovive.com\/wp-content\/uploads\/2023\/10\/WhatsApp-Image-2023-10-21-at-10.38.16-PM-768x432.jpeg 768w, https:\/\/lafilosofiavive.elteatrovive.com\/wp-content\/uploads\/2023\/10\/WhatsApp-Image-2023-10-21-at-10.38.16-PM-1536x864.jpeg 1536w, https:\/\/lafilosofiavive.elteatrovive.com\/wp-content\/uploads\/2023\/10\/WhatsApp-Image-2023-10-21-at-10.38.16-PM.jpeg 1600w\" sizes=\"(max-width: 1024px) 100vw, 1024px\" \/>\t\t\t\t\t\t\t\t\t\t\t\t\t\t\t<\/div>\n\t\t\t\t<\/div>\n\t\t\t\t\t<\/div>\n\t\t\t\t<\/div>\n\t\t<div class=\"elementor-element elementor-element-4688f20 e-flex e-con-boxed e-con e-parent\" data-id=\"4688f20\" data-element_type=\"container\">\n\t\t\t\t\t<div class=\"e-con-inner\">\n\t\t<div class=\"elementor-element elementor-element-6fa5774 e-flex e-con-boxed e-con e-child\" data-id=\"6fa5774\" data-element_type=\"container\">\n\t\t\t\t\t<div class=\"e-con-inner\">\n\t\t\t\t<div class=\"elementor-element elementor-element-702bd8b elementor-widget elementor-widget-heading\" data-id=\"702bd8b\" data-element_type=\"widget\" data-widget_type=\"heading.default\">\n\t\t\t\t<div class=\"elementor-widget-container\">\n\t\t\t\t\t<h2 class=\"elementor-heading-title elementor-size-default\">Objetivo General <\/h2>\t\t\t\t<\/div>\n\t\t\t\t<\/div>\n\t\t\t\t<div class=\"elementor-element elementor-element-9517411 elementor-widget elementor-widget-text-editor\" data-id=\"9517411\" data-element_type=\"widget\" data-widget_type=\"text-editor.default\">\n\t\t\t\t<div class=\"elementor-widget-container\">\n\t\t\t\t\t\t\t\t\t<p>Aproximar a los estudiantes directamente con textos filos\u00f3ficos a trav\u00e9s de las lecturas contenidas en las gu\u00edas por cada periodo del a\u00f1o escolar, superando los mitos en torno al lenguaje y complejidad filos\u00f3fica prepar\u00e1ndolos para la reflexi\u00f3n y lectura cr\u00edtica sobre tem\u00e1ticas, \u00e1mbitos y problem\u00e1ticas que define la sociedad en sus diversos aspectos que puede abarcar y dar soluci\u00f3n la filosof\u00eda.<\/p>\t\t\t\t\t\t\t\t<\/div>\n\t\t\t\t<\/div>\n\t\t\t\t<div class=\"elementor-element elementor-element-d8762c7 elementor-widget elementor-widget-heading\" data-id=\"d8762c7\" data-element_type=\"widget\" data-widget_type=\"heading.default\">\n\t\t\t\t<div class=\"elementor-widget-container\">\n\t\t\t\t\t<h3 class=\"elementor-heading-title elementor-size-default\">Objetivos espec\u00edficos<\/h3>\t\t\t\t<\/div>\n\t\t\t\t<\/div>\n\t\t\t\t<div class=\"elementor-element elementor-element-738c527 elementor-widget elementor-widget-text-editor\" data-id=\"738c527\" data-element_type=\"widget\" data-widget_type=\"text-editor.default\">\n\t\t\t\t<div class=\"elementor-widget-container\">\n\t\t\t\t\t\t\t\t\t<ul><li>Mejorar el nivel de comprensi\u00f3n lectora de los estudiantes en los grados 10\u00b0 y 11\u00b0<\/li><li>Fortalecer la autoestima (autoconocimiento y confianza en s\u00ed mismos) y la pr\u00e1ctica de<br \/>participaci\u00f3n en la expresi\u00f3n de su escritura<\/li><li>Promover el desarrollo de habilidades interpersonales y sociales (la escucha, la<br \/>participaci\u00f3n, el asertividad en los estudiantes<\/li><\/ul>\t\t\t\t\t\t\t\t<\/div>\n\t\t\t\t<\/div>\n\t\t\t\t\t<\/div>\n\t\t\t\t<\/div>\n\t\t<div class=\"elementor-element elementor-element-d17f06f e-flex e-con-boxed e-con e-child\" data-id=\"d17f06f\" data-element_type=\"container\">\n\t\t\t\t\t<div class=\"e-con-inner\">\n\t\t\t\t<div class=\"elementor-element elementor-element-cd37e0d elementor-widget elementor-widget-image\" data-id=\"cd37e0d\" data-element_type=\"widget\" data-widget_type=\"image.default\">\n\t\t\t\t<div class=\"elementor-widget-container\">\n\t\t\t\t\t\t\t\t\t\t\t\t\t\t\t<img loading=\"lazy\" decoding=\"async\" width=\"1024\" height=\"1024\" src=\"https:\/\/lafilosofiavive.elteatrovive.com\/wp-content\/uploads\/2023\/10\/WhatsApp-Image-2023-10-21-at-10.47.30-PM-e1697952123338-1024x1024.jpeg\" class=\"attachment-large size-large wp-image-518\" alt=\"\" srcset=\"https:\/\/lafilosofiavive.elteatrovive.com\/wp-content\/uploads\/2023\/10\/WhatsApp-Image-2023-10-21-at-10.47.30-PM-e1697952123338-1024x1024.jpeg 1024w, https:\/\/lafilosofiavive.elteatrovive.com\/wp-content\/uploads\/2023\/10\/WhatsApp-Image-2023-10-21-at-10.47.30-PM-e1697952123338-300x300.jpeg 300w, https:\/\/lafilosofiavive.elteatrovive.com\/wp-content\/uploads\/2023\/10\/WhatsApp-Image-2023-10-21-at-10.47.30-PM-e1697952123338-150x150.jpeg 150w, https:\/\/lafilosofiavive.elteatrovive.com\/wp-content\/uploads\/2023\/10\/WhatsApp-Image-2023-10-21-at-10.47.30-PM-e1697952123338-768x768.jpeg 768w, https:\/\/lafilosofiavive.elteatrovive.com\/wp-content\/uploads\/2023\/10\/WhatsApp-Image-2023-10-21-at-10.47.30-PM-e1697952123338.jpeg 1101w\" sizes=\"(max-width: 1024px) 100vw, 1024px\" \/>\t\t\t\t\t\t\t\t\t\t\t\t\t\t\t<\/div>\n\t\t\t\t<\/div>\n\t\t\t\t\t<\/div>\n\t\t\t\t<\/div>\n\t\t\t\t\t<\/div>\n\t\t\t\t<\/div>\n\t\t<div class=\"elementor-element elementor-element-59572ca e-flex e-con-boxed e-con e-parent\" data-id=\"59572ca\" data-element_type=\"container\">\n\t\t\t\t\t<div class=\"e-con-inner\">\n\t\t<div class=\"elementor-element elementor-element-8fa8ff7 e-flex e-con-boxed e-con e-child\" data-id=\"8fa8ff7\" data-element_type=\"container\">\n\t\t\t\t\t<div class=\"e-con-inner\">\n\t\t\t\t<div class=\"elementor-element elementor-element-027c74a elementor-widget elementor-widget-image\" data-id=\"027c74a\" data-element_type=\"widget\" data-widget_type=\"image.default\">\n\t\t\t\t<div class=\"elementor-widget-container\">\n\t\t\t\t\t\t\t\t\t\t\t\t\t\t\t<img loading=\"lazy\" decoding=\"async\" width=\"573\" height=\"428\" src=\"https:\/\/lafilosofiavive.elteatrovive.com\/wp-content\/uploads\/2023\/10\/1.png\" class=\"attachment-large size-large wp-image-746\" alt=\"\" srcset=\"https:\/\/lafilosofiavive.elteatrovive.com\/wp-content\/uploads\/2023\/10\/1.png 573w, https:\/\/lafilosofiavive.elteatrovive.com\/wp-content\/uploads\/2023\/10\/1-300x224.png 300w\" sizes=\"(max-width: 573px) 100vw, 573px\" \/>\t\t\t\t\t\t\t\t\t\t\t\t\t\t\t<\/div>\n\t\t\t\t<\/div>\n\t\t\t\t\t<\/div>\n\t\t\t\t<\/div>\n\t\t<div class=\"elementor-element elementor-element-6ee3615 e-flex e-con-boxed e-con e-child\" data-id=\"6ee3615\" data-element_type=\"container\">\n\t\t\t\t\t<div class=\"e-con-inner\">\n\t\t\t\t<div class=\"elementor-element elementor-element-373fc1d elementor-widget elementor-widget-text-editor\" data-id=\"373fc1d\" data-element_type=\"widget\" data-widget_type=\"text-editor.default\">\n\t\t\t\t<div class=\"elementor-widget-container\">\n\t\t\t\t\t\t\t\t\t<p>La lectura Filos\u00f3fica es una herramienta al acercamiento de la filosof\u00eda que ayuda a comprenderel lenguaje t\u00e9cnico que ayudara a fortalecer procesos de lectura cr\u00edtica en preparaci\u00f3n con la prueba saber 11\u00b0<\/p>\t\t\t\t\t\t\t\t<\/div>\n\t\t\t\t<\/div>\n\t\t\t\t<div class=\"elementor-element elementor-element-dfbaa00 elementor-widget elementor-widget-text-editor\" data-id=\"dfbaa00\" data-element_type=\"widget\" data-widget_type=\"text-editor.default\">\n\t\t\t\t<div class=\"elementor-widget-container\">\n\t\t\t\t\t\t\t\t\t<p>Los estudiantes se encuentran en sus lecturas de terceros sobre conceptos de movimientos filos\u00f3ficos o fil\u00f3sofos, y tiene acceso a trav\u00e9s de las diferentes gu\u00edas entregables que contienen micro lecturas de textos de autores de manera directa para que el estudiante se enfrente al texto filos\u00f3fico de una manera sencilla y comprensible.<\/p><p>Todos los textos son socializados en las clases siendo esta actividad es la m\u00e1s demorada pues el \u00e9nfasis es la lectura, la escritura y su socializaci\u00f3n. Con el proyecto se desarrolla en los estudiantes la comprensi\u00f3n lectora y adem\u00e1s los niveles de la argumentaci\u00f3n y la lectura cr\u00edtica de los textos.<\/p>\t\t\t\t\t\t\t\t<\/div>\n\t\t\t\t<\/div>\n\t\t\t\t\t<\/div>\n\t\t\t\t<\/div>\n\t\t\t\t\t<\/div>\n\t\t\t\t<\/div>\n\t\t<div class=\"elementor-element elementor-element-5403205 e-flex e-con-boxed e-con e-parent\" data-id=\"5403205\" data-element_type=\"container\">\n\t\t\t\t\t<div class=\"e-con-inner\">\n\t\t<div class=\"elementor-element elementor-element-9a174d3 e-flex e-con-boxed e-con e-child\" data-id=\"9a174d3\" data-element_type=\"container\">\n\t\t\t\t\t<div class=\"e-con-inner\">\n\t\t\t\t<div class=\"elementor-element elementor-element-8360789 elementor-widget elementor-widget-heading\" data-id=\"8360789\" data-element_type=\"widget\" data-widget_type=\"heading.default\">\n\t\t\t\t<div class=\"elementor-widget-container\">\n\t\t\t\t\t<h2 class=\"elementor-heading-title elementor-size-default\">Logros alcanzados en el proceso de lectura filos\u00f3fica.<\/h2>\t\t\t\t<\/div>\n\t\t\t\t<\/div>\n\t\t\t\t<div class=\"elementor-element elementor-element-1e2ab40 elementor-widget elementor-widget-text-editor\" data-id=\"1e2ab40\" data-element_type=\"widget\" data-widget_type=\"text-editor.default\">\n\t\t\t\t<div class=\"elementor-widget-container\">\n\t\t\t\t\t\t\t\t\t<p>Se desarrollaron varias actividades durante cada periodo donde la mayor\u00eda de estudiantes participaron activamente: participaci\u00f3n a trav\u00e9s de los foros en clases de filosof\u00eda durante las<br \/>clases de socializaci\u00f3n de actividades programados por periodo. Participaci\u00f3n despu\u00e9s de lecturas.<\/p><p><br \/>Se ha logrado que los estudiantes utilicen los celulares como herramientas de lectura.<\/p><p>Se logr\u00f3 que aproximadamente el 70 % de los estudiantes en cada grupo fueran capaces de leer textos filos\u00f3ficos y responder preguntas a nivel inferencial y argumentativo.<\/p><p>Con el proyecto se logr\u00f3 avanzar en la cultura de lecto escritura hacia el pensamiento cr\u00edtico.<\/p>\t\t\t\t\t\t\t\t<\/div>\n\t\t\t\t<\/div>\n\t\t\t\t\t<\/div>\n\t\t\t\t<\/div>\n\t\t<div class=\"elementor-element elementor-element-dad2584 e-flex e-con-boxed e-con e-child\" data-id=\"dad2584\" data-element_type=\"container\">\n\t\t\t\t\t<div class=\"e-con-inner\">\n\t\t\t\t<div class=\"elementor-element elementor-element-4be64b1 elementor-widget elementor-widget-image\" data-id=\"4be64b1\" data-element_type=\"widget\" data-widget_type=\"image.default\">\n\t\t\t\t<div class=\"elementor-widget-container\">\n\t\t\t\t\t\t\t\t\t\t\t\t\t\t\t<img loading=\"lazy\" decoding=\"async\" width=\"1024\" height=\"771\" src=\"https:\/\/lafilosofiavive.elteatrovive.com\/wp-content\/uploads\/2023\/10\/WhatsApp-Image-2023-10-21-at-10.47.29-PM-1024x771.jpeg\" class=\"attachment-large size-large wp-image-516\" alt=\"\" srcset=\"https:\/\/lafilosofiavive.elteatrovive.com\/wp-content\/uploads\/2023\/10\/WhatsApp-Image-2023-10-21-at-10.47.29-PM-1024x771.jpeg 1024w, https:\/\/lafilosofiavive.elteatrovive.com\/wp-content\/uploads\/2023\/10\/WhatsApp-Image-2023-10-21-at-10.47.29-PM-300x226.jpeg 300w, https:\/\/lafilosofiavive.elteatrovive.com\/wp-content\/uploads\/2023\/10\/WhatsApp-Image-2023-10-21-at-10.47.29-PM-768x578.jpeg 768w, https:\/\/lafilosofiavive.elteatrovive.com\/wp-content\/uploads\/2023\/10\/WhatsApp-Image-2023-10-21-at-10.47.29-PM-1536x1156.jpeg 1536w, https:\/\/lafilosofiavive.elteatrovive.com\/wp-content\/uploads\/2023\/10\/WhatsApp-Image-2023-10-21-at-10.47.29-PM.jpeg 1600w\" sizes=\"(max-width: 1024px) 100vw, 1024px\" \/>\t\t\t\t\t\t\t\t\t\t\t\t\t\t\t<\/div>\n\t\t\t\t<\/div>\n\t\t\t\t\t<\/div>\n\t\t\t\t<\/div>\n\t\t\t\t\t<\/div>\n\t\t\t\t<\/div>\n\t\t\t\t<\/div>\n\t\t","protected":false},"excerpt":{"rendered":"<p>Proyecto Filosof\u00eda al Patio GRADOS 10\u00b0 El proyecto la Filosof\u00eda al Patio nace como una nueva did\u00e1ctica que lleva la reflexi\u00f3n filos\u00f3fica m\u00e1s all\u00e1 del aula. Bajo la sombra del \u00c1rbol de la Filosof\u00eda y en el patio de la instituci\u00f3n C\u00e1rdenas Mirri\u00f1ao, los estudiantes de grado 10\u00b0 se acercan a los textos filos\u00f3ficos desde [&hellip;]<\/p>\n","protected":false},"author":1,"featured_media":0,"parent":0,"menu_order":0,"comment_status":"closed","ping_status":"closed","template":"","meta":{"site-sidebar-layout":"no-sidebar","site-content-layout":"page-builder","ast-site-content-layout":"full-width-container","site-content-style":"default","site-sidebar-style":"default","ast-global-header-display":"","ast-banner-title-visibility":"","ast-main-header-display":"","ast-hfb-above-header-display":"","ast-hfb-below-header-display":"","ast-hfb-mobile-header-display":"","site-post-title":"disabled","ast-breadcrumbs-content":"","ast-featured-img":"disabled","footer-sml-layout":"","theme-transparent-header-meta":"","adv-header-id-meta":"","stick-header-meta":"","header-above-stick-meta":"","header-main-stick-meta":"","header-below-stick-meta":"","astra-migrate-meta-layouts":"set","ast-page-background-enabled":"default","ast-page-background-meta":{"desktop":{"background-color":"","background-image":"","background-repeat":"repeat","background-position":"center center","background-size":"auto","background-attachment":"scroll","background-type":"","background-media":"","overlay-type":"","overlay-color":"","overlay-opacity":"","overlay-gradient":""},"tablet":{"background-color":"","background-image":"","background-repeat":"repeat","background-position":"center center","background-size":"auto","background-attachment":"scroll","background-type":"","background-media":"","overlay-type":"","overlay-color":"","overlay-opacity":"","overlay-gradient":""},"mobile":{"background-color":"","background-image":"","background-repeat":"repeat","background-position":"center center","background-size":"auto","background-attachment":"scroll","background-type":"","background-media":"","overlay-type":"","overlay-color":"","overlay-opacity":"","overlay-gradient":""}},"ast-content-background-meta":{"desktop":{"background-color":"var(--ast-global-color-5)","background-image":"","background-repeat":"repeat","background-position":"center center","background-size":"auto","background-attachment":"scroll","background-type":"","background-media":"","overlay-type":"","overlay-color":"","overlay-opacity":"","overlay-gradient":""},"tablet":{"background-color":"var(--ast-global-color-5)","background-image":"","background-repeat":"repeat","background-position":"center center","background-size":"auto","background-attachment":"scroll","background-type":"","background-media":"","overlay-type":"","overlay-color":"","overlay-opacity":"","overlay-gradient":""},"mobile":{"background-color":"var(--ast-global-color-5)","background-image":"","background-repeat":"repeat","background-position":"center center","background-size":"auto","background-attachment":"scroll","background-type":"","background-media":"","overlay-type":"","overlay-color":"","overlay-opacity":"","overlay-gradient":""}},"footnotes":""},"class_list":["post-739","page","type-page","status-publish","hentry"],"_links":{"self":[{"href":"https:\/\/lafilosofiavive.elteatrovive.com\/index.php\/wp-json\/wp\/v2\/pages\/739","targetHints":{"allow":["GET"]}}],"collection":[{"href":"https:\/\/lafilosofiavive.elteatrovive.com\/index.php\/wp-json\/wp\/v2\/pages"}],"about":[{"href":"https:\/\/lafilosofiavive.elteatrovive.com\/index.php\/wp-json\/wp\/v2\/types\/page"}],"author":[{"embeddable":true,"href":"https:\/\/lafilosofiavive.elteatrovive.com\/index.php\/wp-json\/wp\/v2\/users\/1"}],"replies":[{"embeddable":true,"href":"https:\/\/lafilosofiavive.elteatrovive.com\/index.php\/wp-json\/wp\/v2\/comments?post=739"}],"version-history":[{"count":61,"href":"https:\/\/lafilosofiavive.elteatrovive.com\/index.php\/wp-json\/wp\/v2\/pages\/739\/revisions"}],"predecessor-version":[{"id":1236,"href":"https:\/\/lafilosofiavive.elteatrovive.com\/index.php\/wp-json\/wp\/v2\/pages\/739\/revisions\/1236"}],"wp:attachment":[{"href":"https:\/\/lafilosofiavive.elteatrovive.com\/index.php\/wp-json\/wp\/v2\/media?parent=739"}],"curies":[{"name":"wp","href":"https:\/\/api.w.org\/{rel}","templated":true}]}}